{"id":3,"date":"2023-05-23T14:12:26","date_gmt":"2023-05-23T14:12:26","guid":{"rendered":"https:\/\/iperattivaweb.it\/leggermente2025\/?page_id=3"},"modified":"2024-06-11T09:29:08","modified_gmt":"2024-06-11T09:29:08","slug":"privacy-policy","status":"publish","type":"page","link":"https:\/\/iperattivaweb.it\/leggermente2025\/privacy-policy\/","title":{"rendered":"Privacy Policy"},"content":{"rendered":"\t\t<div data-elementor-type=\"wp-page\" data-elementor-id=\"3\" class=\"elementor elementor-3\" data-elementor-post-type=\"page\">\n\t\t\t\t\t\t<section class=\"elementor-section elementor-top-section elementor-element elementor-element-19ab093 elementor-section-boxed elementor-section-height-default elementor-section-height-default\" data-id=\"19ab093\" data-element_type=\"section\">\n\t\t\t\t\t\t<div class=\"elementor-container elementor-column-gap-default\">\n\t\t\t\t\t<div class=\"elementor-column elementor-col-100 elementor-top-column elementor-element elementor-element-6b268c2\" data-id=\"6b268c2\" data-element_type=\"column\" data-settings=\"{&quot;background_background&quot;:&quot;classic&quot;}\">\n\t\t\t<div class=\"elementor-widget-wrap elementor-element-populated\">\n\t\t\t\t\t\t<div class=\"elementor-element elementor-element-409a946 elementor-widget elementor-widget-heading\" data-id=\"409a946\" data-element_type=\"widget\" data-widget_type=\"heading.default\">\n\t\t\t\t<div class=\"elementor-widget-container\">\n\t\t\t\t\t<h2 class=\"elementor-heading-title elementor-size-default\">Privacy policy<\/h2>\t\t\t\t<\/div>\n\t\t\t\t<\/div>\n\t\t\t\t<div class=\"elementor-element elementor-element-1d330cb elementor-widget elementor-widget-text-editor\" data-id=\"1d330cb\" data-element_type=\"widget\" data-widget_type=\"text-editor.default\">\n\t\t\t\t<div class=\"elementor-widget-container\">\n\t\t\t\t\t\t\t\t\t<p><strong>INFORMATIVA EX ARTT. 13-14 REG. UE N. 2016\/679 PER IL TRATTAMENTO DEI DATI PERSONALI<\/strong><\/p><p>Gentile navigatore, Filippo Brandolini (Chioschino di Villa Fabbricotti \u2013 Livorno) con la presente, la informa che, ai sensi e per gli effetti degli articoli 13 e 14 del Regolamento Europeo n. 2016\/679 GDPR, i dati acquisiti e\/o da Lei forniti, saranno oggetto di trattamento nel rispetto delle normative sotto richiamate.<\/p><p><strong>RUOLI <\/strong><\/p><p>Il Titolare del Trattamento \u00e8: Filippo Brandolini (Chioschino di Villa Fabbricotti \u2013 Livorno) , , f.brandolini73@hotmail.it<\/p><p><strong>MODALIT\u00c0 DI TRATTAMENTO <\/strong><\/p><p>Il trattamento consiste, ad esempio, in operazioni di raccolta, registrazione, organizzazione, conservazione, estrazione, consultazione, uso, comunicazione, cancellazione dei dati personali. Esso viene effettuato, per le finalit\u00e0 suddette, secondo i principi (ex art. 5 del GDPR n. 2016\/679) di liceit\u00e0, correttezza, trasparenza, minimizzazione dei dati ed esattezza. I dati sono trattati con modalit\u00e0 telefoniche, cartacee, informatiche e telematiche. Il trattamento avviene mediante strumenti idonei, misure tecniche ed organizzative adeguate a garantire la sicurezza, l&#8217;integrit\u00e0 e la riservatezza, evitando in particolare il rischio di perdita, accesso non autorizzato, uso illecito, diffusione, nel rispetto di quanto previsto anche dall&#8217;art. 32 del GDPR n. 2016\/679, ad opera dei soggetti e in ottemperanza alle previsioni di cui all&#8217;art. 29 del GDPR n. 2016\/679 ed all&#8217;art. 2quaterdecies del Codice Privacy.<\/p><p><strong>NATURA DEL CONFERIMENTO DEI DATI E CONSEGUENZE DEL RIFIUTO DI RISPONDERE <\/strong><\/p><p>Il conferimento dei dati per le finalit\u00e0 obbligatorie non richiede il consenso esplicito. Senza tali dati, non saremo in grado di fornire i nostri servizi. Il conferimento dei dati per altre finalit\u00e0 \u00e8 facoltativo e richiede il Suo esplicito consenso. In caso di mancato consenso, non potr\u00e0 ricevere newsletter, materiale informativo o comunicazioni commerciali riguardanti i servizi offerti dal Titolare o da aziende terze. Tuttavia, continuer\u00e0 comunque ad avere accesso ai nostri servizi. Trattiamo le sue informazioni personali solo quando esiste una base giuridica per tale trattamento. Le basi giuridiche includono: Il Suo consenso alle attivit\u00e0 di trattamento in questione Il rispetto degli obblighi di legge che siamo tenuti a soddisfare L&#8217;esecuzione di norme dettate da leggi o regolamenti, o da contratti, accordi o altri strumenti giuridici Studi condotti da enti di ricerca, preferibilmente su informazioni personali anonimizzate L&#8217;esecuzione di un contratto e dei relativi adempimenti precontrattuali, se Lei \u00e8 parte di tale contratto L&#8217;esercizio dei nostri diritti in giudizio, in procedimenti amministrativi o in arbitrati La difesa o la protezione dell&#8217;incolumit\u00e0 fisica Sua o di un terzo La tutela della salute, nel contesto di procedure messe in atto da entit\u00e0 o professionisti del settore sanitario Il nostro legittimo interesse, purch\u00e9 i Suoi diritti e le Sue libert\u00e0 fondamentali non prevalgano su tali interessi La protezione del credito.<\/p><p><strong>ACCESSO AI DATI <\/strong><\/p><p>I Suoi dati potranno essere resi accessibili per le finalit\u00e0 di cui sotto: Ai dipendenti e collaboratori del Titolare nella loro qualit\u00e0 di incaricati del trattamento e\/o amministratori di sistema; A societ\u00e0 terze o altri soggetti (a titolo indicativo: studi professionali, consulenti, software house che forniscono i gestionali, istituti di credito, assicurazioni, ecc.) che svolgono attivit\u00e0 in outsourcing per conto del Titolare, nella loro qualit\u00e0 di responsabili esterni del trattamento. Tra i Dati Personali raccolti da questo Sito Web, in modo autonomo o tramite terze parti, ci sono: Strumenti di Tracciamento; Dati di Utilizzo; nome; email; sito web; identificatori univoci di dispositivi per la pubblicit\u00e0 (Google Advertiser ID o identificatore IDFA, per esempio); numero di Utenti; citt\u00e0; informazioni sul dispositivo; statistiche delle sessioni; informazioni sul browser; risposte alle domande; clic; eventi keypress; eventi relativi ai sensori di movimento; movimenti del mouse; posizione relativa allo scorrimento; eventi touch.<\/p><p><strong>COMUNICAZIONE DEI DATI <\/strong><\/p><p>Il Titolare potr\u00e0 comunicare i Suoi dati alla Pubblica Amministrazione, agli Organismi di Vigilanza e\/o alle Autorit\u00e0 Giudiziarie, nonch\u00e9 a tutti gli altri soggetti ai quali la comunicazione sia obbligatoria o necessaria per legge. I Suoi dati non saranno diffusi.<\/p><p><strong>CONSERVAZIONE DEI DATI <\/strong><\/p><p>Tutti i dati personali conferiti saranno trattati nel rispetto dei principi di liceit\u00e0, correttezza, pertinenza e proporzionalit\u00e0, esclusivamente con le modalit\u00e0 necessarie, anche informatiche e telematiche, per perseguire le finalit\u00e0 sopra descritte. I dati personali saranno conservati per un periodo di 6 anni successivi all&#8217;ultimo contatto avvenuto con l&#8217;interessato\/a o fino a richiesta di cancellazione da parte dello stesso. In tal caso, potranno essere comunque conservati i dati correlati al legittimo interesse del titolare o necessari per l&#8217;adempimento di obblighi di legge. Si evidenzia che i sistemi informativi impiegati per la gestione delle informazioni raccolte sono configurati, sin dall&#8217;origine, in modo da minimizzare l&#8217;utilizzo dei dati personali.<\/p><p><strong>DIRITTI DELL&#8217;INTERESSATO <\/strong><\/p><p>Nella sua qualit\u00e0 di interessato, ha i diritti di cui all &#8216;art. 15 ss ed art. 77 del GDPR, e precisamente i diritti di: Ottenere dal titolare del trattamento la conferma che sia o meno in corso un trattamento di dati personali che lo riguardano e, in tal caso, di ottenere l &#8216;accesso ai dati personali e alle seguenti informazioni: le finalit\u00e0 del trattamento; le categorie di dati personali in questione; i destinatari o le categorie di destinatari a cui i dati personali sono stati o saranno comunicati, in particolare se destinatari di paesi terzi o organizzazioni internazionali; quando possibile, il periodo di conservazione dei dati personali previsto oppure, se non \u00e8 possibile, i criteri utilizzati per determinare tale periodo; qualora i dati non siano raccolti presso l &#8216;interessato, tutte le informazioni disponibili sulla loro origine; l &#8216;esistenza di un processo decisionale automatizzato, compresa la profilazione, e, almeno in tali casi, informazioni significative sulla logica utilizzata, nonch\u00e9 l &#8216;importanza e le conseguenze previste di tale trattamento per l &#8216;interessato; Ottenere dal titolare del trattamento la rettifica dei dati personali inesatti che lo riguardano senza ingiustificato ritardo. Tenuto conto delle finalit\u00e0 del trattamento, l &#8216;interessato ha il diritto di ottenere l &#8216;integrazione dei dati personali incompleti, anche fornendo una dichiarazione integrativa; Ottenere dal titolare del trattamento informazioni relative ai dati personali che lo riguardano senza ingiustificato ritardo, se sussiste uno dei motivi seguenti: i dati personali non sono pi\u00f9 necessari rispetto alle finalit\u00e0 per le quali sono stati raccolti o altrimenti trattati; l &#8216;interessato revoca il consenso su cui si basa il trattamento conformemente all &#8216;articolo 6, paragrafo 1, lettera a), o all &#8216;articolo 9, paragrafo 2, lettera a), e se non sussiste altro fondamento giuridico per il trattamento; l &#8216;interessato si oppone al trattamento ai sensi dell &#8216;articolo 21, paragrafo 1, e non sussiste alcun motivo legittimo prevalente per procedere al trattamento, oppure si oppone al trattamento ai sensi dell &#8216;articolo 21, paragrafo 2; i dati personali sono stati trattati illecitamente; i dati personali devono essere cancellati per adempiere un obbligo legale previsto dal diritto dell &#8216;Unione o dello Stato membro cui \u00e8 soggetto il titolare del trattamento; Ottenere dal titolare del trattamento la limitazione del trattamento quando ricorre una delle seguenti ipotesi: l &#8216;interessato contesta l &#8216;esattezza dei dati personali, per il periodo necessario al titolare del trattamento per verificare l &#8216;esattezza di tali dati personali; il trattamento \u00e8 illecito e l &#8216;interessato si oppone alla cancellazione dei dati personali e chiede invece che ne sia limitato l &#8216;utilizzo; bench\u00e9 il titolare del trattamento non ne abbia pi\u00f9 bisogno ai fini del trattamento, i dati personali sono necessari all &#8216;interessato per l &#8216;accertamento, l &#8216;esercizio o la difesa di un diritto in sede giudiziaria; l &#8216;interessato si \u00e8 opposto al trattamento ai sensi dell &#8216;articolo 21, paragrafo 1, in attesa della verifica in merito all &#8216;eventuale prevalenza dei motivi legittimi del titolare del trattamento rispetto a quelli dell &#8216;interessato; Ricevere in un formato strutturato, di uso comune e leggibile da dispositivo automatico i dati personali che lo riguardano forniti a un titolare del trattamento e trasmettere tali dati a un altro titolare del trattamento senza impedimenti da parte del titolare del trattamento cui li ha forniti qualora il trattamento sia effettuato con mezzi digitali. Nell &#8216;esercitare i propri diritti relativamente alla portabilit\u00e0 dei dati, l &#8216;interessato ha il diritto di ottenere la trasmissione diretta dei dati personali da un titolare del trattamento all &#8216;altro, se tecnicamente fattibile; Opporsi in qualsiasi momento, per motivi connessi alla sua situazione particolare, al trattamento dei dati personali che lo riguardano ai sensi dell &#8216;articolo 6, paragrafo 1, lettere e) o f), compresa la profilazione sulla base di tali disposizioni. Qualora i dati personali siano trattati per finalit\u00e0 di marketing diretto, l &#8216;interessato ha il diritto di opporsi in qualsiasi momento al trattamento dei dati personali che lo riguardano effettuato per tali finalit\u00e0, compresa la profilazione nella misura in cui sia connessa a tale marketing; Diritto di non essere sottoposto a una decisione basata unicamente sul trattamento automatizzato, compresa la profilazione, che produca effetti giuridici che lo riguardano o che incida in modo analogo significativamente sulla sua persona; Diritto di proporre reclamo a un &#8216;autorit\u00e0 di controllo ai sensi dell &#8216;art. 77.<\/p><p><strong>MODALIT\u00c0 DI ESERCIZIO DEI DIRITTI<\/strong><\/p><p>Potr\u00e0 in qualsiasi momento esercitare i diritti contattando il Titolare al seguente indirizzo e-mail: f.brandolini73@hotmail.it<\/p><p><strong>RESPONSABILI ESTERNI E INCARICATI <\/strong><\/p><p>L&#8217;elenco aggiornato dei responsabili esterni e degli incaricati al trattamento \u00e8 custodito presso la sede legale del Titolare del trattamento<\/p><p><strong>MODIFICA DELL&#8217;ATTUALE INFORMATIVA <\/strong><\/p><p>La presente informativa \u00e8 stata redatta il giorno 11-06-2024 e potrebbe subire variazioni nel tempo anche in funzione delle integrazioni o modifiche legislative e regolamentari in materia. L&#8217;Interessato \u00e8 invitato a consultare spesso questa pagina.<\/p>\t\t\t\t\t\t\t\t<\/div>\n\t\t\t\t<\/div>\n\t\t\t\t\t<\/div>\n\t\t<\/div>\n\t\t\t\t\t<\/div>\n\t\t<\/section>\n\t\t\t\t<\/div>\n\t\t","protected":false},"excerpt":{"rendered":"<p>Privacy policy INFORMATIVA EX ARTT. 13-14 REG. UE N. 2016\/679 PER IL TRATTAMENTO DEI DATI PERSONALI Gentile navigatore, Filippo Brandolini (Chioschino di Villa Fabbricotti \u2013 Livorno) con la presente, la informa che, ai sensi e per gli effetti degli articoli 13 e 14 del Regolamento Europeo n. 2016\/679 GDPR, i dati acquisiti e\/o da Lei [&hellip;]<\/p>\n","protected":false},"author":1,"featured_media":0,"parent":0,"menu_order":0,"comment_status":"closed","ping_status":"open","template":"","meta":{"_acf_changed":false,"footnotes":""},"class_list":["post-3","page","type-page","status-publish","hentry"],"acf":[],"yoast_head":"<!-- This site is optimized with the Yoast SEO plugin v25.7 - https:\/\/yoast.com\/wordpress\/plugins\/seo\/ -->\n<title>Privacy Policy - LeggerMente Livorno<\/title>\n<meta name=\"robots\" content=\"index, follow, max-snippet:-1, max-image-preview:large, max-video-preview:-1\" \/>\n<link rel=\"canonical\" href=\"https:\/\/iperattivaweb.it\/leggermente2025\/privacy-policy\/\" \/>\n<meta property=\"og:locale\" content=\"it_IT\" \/>\n<meta property=\"og:type\" content=\"article\" \/>\n<meta property=\"og:title\" content=\"Privacy Policy - LeggerMente Livorno\" \/>\n<meta property=\"og:description\" content=\"Privacy policy INFORMATIVA EX ARTT. 13-14 REG. UE N. 2016\/679 PER IL TRATTAMENTO DEI DATI PERSONALI Gentile navigatore, Filippo Brandolini (Chioschino di Villa Fabbricotti \u2013 Livorno) con la presente, la informa che, ai sensi e per gli effetti degli articoli 13 e 14 del Regolamento Europeo n. 2016\/679 GDPR, i dati acquisiti e\/o da Lei [&hellip;]\" \/>\n<meta property=\"og:url\" content=\"https:\/\/iperattivaweb.it\/leggermente2025\/privacy-policy\/\" \/>\n<meta property=\"og:site_name\" content=\"LeggerMente Livorno\" \/>\n<meta property=\"article:modified_time\" content=\"2024-06-11T09:29:08+00:00\" \/>\n<meta name=\"twitter:card\" content=\"summary_large_image\" \/>\n<meta name=\"twitter:label1\" content=\"Tempo di lettura stimato\" \/>\n\t<meta name=\"twitter:data1\" content=\"9 minuti\" \/>\n<script type=\"application\/ld+json\" class=\"yoast-schema-graph\">{\"@context\":\"https:\/\/schema.org\",\"@graph\":[{\"@type\":\"WebPage\",\"@id\":\"https:\/\/iperattivaweb.it\/leggermente2025\/privacy-policy\/\",\"url\":\"https:\/\/iperattivaweb.it\/leggermente2025\/privacy-policy\/\",\"name\":\"Privacy Policy - LeggerMente Livorno\",\"isPartOf\":{\"@id\":\"https:\/\/iperattivaweb.it\/leggermente2025\/#website\"},\"datePublished\":\"2023-05-23T14:12:26+00:00\",\"dateModified\":\"2024-06-11T09:29:08+00:00\",\"breadcrumb\":{\"@id\":\"https:\/\/iperattivaweb.it\/leggermente2025\/privacy-policy\/#breadcrumb\"},\"inLanguage\":\"it-IT\",\"potentialAction\":[{\"@type\":\"ReadAction\",\"target\":[\"https:\/\/iperattivaweb.it\/leggermente2025\/privacy-policy\/\"]}]},{\"@type\":\"BreadcrumbList\",\"@id\":\"https:\/\/iperattivaweb.it\/leggermente2025\/privacy-policy\/#breadcrumb\",\"itemListElement\":[{\"@type\":\"ListItem\",\"position\":1,\"name\":\"Home\",\"item\":\"https:\/\/iperattivaweb.it\/leggermente2025\/\"},{\"@type\":\"ListItem\",\"position\":2,\"name\":\"Privacy Policy\"}]},{\"@type\":\"WebSite\",\"@id\":\"https:\/\/iperattivaweb.it\/leggermente2025\/#website\",\"url\":\"https:\/\/iperattivaweb.it\/leggermente2025\/\",\"name\":\"LeggerMente Livorno\",\"description\":\"LeggerMente\",\"publisher\":{\"@id\":\"https:\/\/iperattivaweb.it\/leggermente2025\/#organization\"},\"potentialAction\":[{\"@type\":\"SearchAction\",\"target\":{\"@type\":\"EntryPoint\",\"urlTemplate\":\"https:\/\/iperattivaweb.it\/leggermente2025\/?s={search_term_string}\"},\"query-input\":{\"@type\":\"PropertyValueSpecification\",\"valueRequired\":true,\"valueName\":\"search_term_string\"}}],\"inLanguage\":\"it-IT\"},{\"@type\":\"Organization\",\"@id\":\"https:\/\/iperattivaweb.it\/leggermente2025\/#organization\",\"name\":\"LeggerMente Livorno\",\"url\":\"https:\/\/iperattivaweb.it\/leggermente2025\/\",\"logo\":{\"@type\":\"ImageObject\",\"inLanguage\":\"it-IT\",\"@id\":\"https:\/\/iperattivaweb.it\/leggermente2025\/#\/schema\/logo\/image\/\",\"url\":\"https:\/\/iperattivaweb.it\/leggermente2025\/wp-content\/uploads\/2023\/05\/logo-leggermente-2025.svg\",\"contentUrl\":\"https:\/\/iperattivaweb.it\/leggermente2025\/wp-content\/uploads\/2023\/05\/logo-leggermente-2025.svg\",\"width\":451,\"height\":139,\"caption\":\"LeggerMente Livorno\"},\"image\":{\"@id\":\"https:\/\/iperattivaweb.it\/leggermente2025\/#\/schema\/logo\/image\/\"}}]}<\/script>\n<!-- \/ Yoast SEO plugin. -->","yoast_head_json":{"title":"Privacy Policy - LeggerMente Livorno","robots":{"index":"index","follow":"follow","max-snippet":"max-snippet:-1","max-image-preview":"max-image-preview:large","max-video-preview":"max-video-preview:-1"},"canonical":"https:\/\/iperattivaweb.it\/leggermente2025\/privacy-policy\/","og_locale":"it_IT","og_type":"article","og_title":"Privacy Policy - LeggerMente Livorno","og_description":"Privacy policy INFORMATIVA EX ARTT. 13-14 REG. UE N. 2016\/679 PER IL TRATTAMENTO DEI DATI PERSONALI Gentile navigatore, Filippo Brandolini (Chioschino di Villa Fabbricotti \u2013 Livorno) con la presente, la informa che, ai sensi e per gli effetti degli articoli 13 e 14 del Regolamento Europeo n. 2016\/679 GDPR, i dati acquisiti e\/o da Lei [&hellip;]","og_url":"https:\/\/iperattivaweb.it\/leggermente2025\/privacy-policy\/","og_site_name":"LeggerMente Livorno","article_modified_time":"2024-06-11T09:29:08+00:00","twitter_card":"summary_large_image","twitter_misc":{"Tempo di lettura stimato":"9 minuti"},"schema":{"@context":"https:\/\/schema.org","@graph":[{"@type":"WebPage","@id":"https:\/\/iperattivaweb.it\/leggermente2025\/privacy-policy\/","url":"https:\/\/iperattivaweb.it\/leggermente2025\/privacy-policy\/","name":"Privacy Policy - LeggerMente Livorno","isPartOf":{"@id":"https:\/\/iperattivaweb.it\/leggermente2025\/#website"},"datePublished":"2023-05-23T14:12:26+00:00","dateModified":"2024-06-11T09:29:08+00:00","breadcrumb":{"@id":"https:\/\/iperattivaweb.it\/leggermente2025\/privacy-policy\/#breadcrumb"},"inLanguage":"it-IT","potentialAction":[{"@type":"ReadAction","target":["https:\/\/iperattivaweb.it\/leggermente2025\/privacy-policy\/"]}]},{"@type":"BreadcrumbList","@id":"https:\/\/iperattivaweb.it\/leggermente2025\/privacy-policy\/#breadcrumb","itemListElement":[{"@type":"ListItem","position":1,"name":"Home","item":"https:\/\/iperattivaweb.it\/leggermente2025\/"},{"@type":"ListItem","position":2,"name":"Privacy Policy"}]},{"@type":"WebSite","@id":"https:\/\/iperattivaweb.it\/leggermente2025\/#website","url":"https:\/\/iperattivaweb.it\/leggermente2025\/","name":"LeggerMente Livorno","description":"LeggerMente","publisher":{"@id":"https:\/\/iperattivaweb.it\/leggermente2025\/#organization"},"potentialAction":[{"@type":"SearchAction","target":{"@type":"EntryPoint","urlTemplate":"https:\/\/iperattivaweb.it\/leggermente2025\/?s={search_term_string}"},"query-input":{"@type":"PropertyValueSpecification","valueRequired":true,"valueName":"search_term_string"}}],"inLanguage":"it-IT"},{"@type":"Organization","@id":"https:\/\/iperattivaweb.it\/leggermente2025\/#organization","name":"LeggerMente Livorno","url":"https:\/\/iperattivaweb.it\/leggermente2025\/","logo":{"@type":"ImageObject","inLanguage":"it-IT","@id":"https:\/\/iperattivaweb.it\/leggermente2025\/#\/schema\/logo\/image\/","url":"https:\/\/iperattivaweb.it\/leggermente2025\/wp-content\/uploads\/2023\/05\/logo-leggermente-2025.svg","contentUrl":"https:\/\/iperattivaweb.it\/leggermente2025\/wp-content\/uploads\/2023\/05\/logo-leggermente-2025.svg","width":451,"height":139,"caption":"LeggerMente Livorno"},"image":{"@id":"https:\/\/iperattivaweb.it\/leggermente2025\/#\/schema\/logo\/image\/"}}]}},"_links":{"self":[{"href":"https:\/\/iperattivaweb.it\/leggermente2025\/wp-json\/wp\/v2\/pages\/3","targetHints":{"allow":["GET"]}}],"collection":[{"href":"https:\/\/iperattivaweb.it\/leggermente2025\/wp-json\/wp\/v2\/pages"}],"about":[{"href":"https:\/\/iperattivaweb.it\/leggermente2025\/wp-json\/wp\/v2\/types\/page"}],"author":[{"embeddable":true,"href":"https:\/\/iperattivaweb.it\/leggermente2025\/wp-json\/wp\/v2\/users\/1"}],"replies":[{"embeddable":true,"href":"https:\/\/iperattivaweb.it\/leggermente2025\/wp-json\/wp\/v2\/comments?post=3"}],"version-history":[{"count":7,"href":"https:\/\/iperattivaweb.it\/leggermente2025\/wp-json\/wp\/v2\/pages\/3\/revisions"}],"predecessor-version":[{"id":1739,"href":"https:\/\/iperattivaweb.it\/leggermente2025\/wp-json\/wp\/v2\/pages\/3\/revisions\/1739"}],"wp:attachment":[{"href":"https:\/\/iperattivaweb.it\/leggermente2025\/wp-json\/wp\/v2\/media?parent=3"}],"curies":[{"name":"wp","href":"https:\/\/api.w.org\/{rel}","templated":true}]}}