{"id":327,"date":"2021-05-26T07:23:32","date_gmt":"2021-05-26T07:23:32","guid":{"rendered":"https:\/\/iperattivaweb.it\/straborgo2021\/?post_type=evento&#038;p=327"},"modified":"2021-06-04T16:07:17","modified_gmt":"2021-06-04T16:07:17","slug":"frah-quintale","status":"publish","type":"evento","link":"https:\/\/iperattivaweb.it\/straborgo2021\/evento\/frah-quintale\/","title":{"rendered":"Frah Quintale"},"content":{"rendered":"\t\t<div data-elementor-type=\"wp-post\" data-elementor-id=\"327\" class=\"elementor elementor-327\">\n\t\t\t\t\t\t<section class=\"elementor-section elementor-top-section elementor-element elementor-element-3fb7478e elementor-section-boxed elementor-section-height-default elementor-section-height-default\" data-id=\"3fb7478e\" data-element_type=\"section\">\n\t\t\t\t\t\t<div class=\"elementor-container elementor-column-gap-default\">\n\t\t\t\t\t<div class=\"elementor-column elementor-col-100 elementor-top-column elementor-element elementor-element-7e33b7f6\" data-id=\"7e33b7f6\" data-element_type=\"column\">\n\t\t\t<div class=\"elementor-widget-wrap elementor-element-populated\">\n\t\t\t\t\t\t<div class=\"elementor-element elementor-element-b514ad0 elementor-widget elementor-widget-heading\" data-id=\"b514ad0\" data-element_type=\"widget\" data-widget_type=\"heading.default\">\n\t\t\t\t<div class=\"elementor-widget-container\">\n\t\t\t\t\t<h2 class=\"elementor-heading-title elementor-size-default\"><span class=\"orange\">---<\/span>02<span class=\"orange\">\/<\/span>07<\/h2>\t\t\t\t<\/div>\n\t\t\t\t<\/div>\n\t\t\t\t<div class=\"elementor-element elementor-element-28a6a6d elementor-widget elementor-widget-heading\" data-id=\"28a6a6d\" data-element_type=\"widget\" data-widget_type=\"heading.default\">\n\t\t\t\t<div class=\"elementor-widget-container\">\n\t\t\t\t\t<span class=\"elementor-heading-title elementor-size-default\">ore 22:00\n<br>Piazza Mazzini\n<\/span>\t\t\t\t<\/div>\n\t\t\t\t<\/div>\n\t\t\t\t<div class=\"elementor-element elementor-element-aa352b8 elementor-widget elementor-widget-text-editor\" data-id=\"aa352b8\" data-element_type=\"widget\" data-widget_type=\"text-editor.default\">\n\t\t\t\t<div class=\"elementor-widget-container\">\n\t\t\t\t\t\t\t\t\t\n<p>Disco di platino con l\u2019album d\u2019esordio \u201cRegardez Moi\u201d, Frah Quintale \u00e8 la rivelazione della scena Street Pop italiana, l\u2019artista che con la sua musica e il suo immaginario ha contribuito a delineare un nuovo genere. Originale sia nell\u2019estetica che nella musica, con i suoi testi, le sue interpretazioni e le sue sperimentazioni musicali, Frah Quintale si conferma uno degli artisti pi\u00f9 trasversali del panorama attuale, spaziando in modo del tutto personale dal rap\/hip hop al pop a sonorit\u00e0 R&amp;B e funk.<\/p>\n<p>Nel 2020, dopo il feat. con Mecna nel singolo \u201cTutto Ok\u201d, pubblica una nuova canzone dal titolo \u201cGabbiani\u201d e a gennaio 2021 collabora con Takagi &amp; Ketra e Marco Mengoni nel singolo \u201cVenere &amp; Marte\u201d. Il 23 aprile pubblica \u201cS\u00ec pu\u00f2 darsi\u201d, una nuova perla di stile e primo singolo estratto dal nuovo album \u201cBanzai (Lato arancio)\u201d in uscita il 4 giugno, un disco pieno di colore e di luce. Nel nuovo lavoro c\u2019\u00e8 quella freschezza che caratterizza ogni suo pezzo, quel pop dal sound internazionale che profuma sempre di novit\u00e0. Frah Quintale sar\u00e0 in tour nel 2021 (tour estivo e tour autunnale) per presentare per la prima volta dal vivo Banzai (Lato blu e Lato arancio).<\/p>\n<p><em><strong>Le prevendite saranno disponibili dalle 14 di Sabato 5 Giugno su circuito DICE, ad un prezzo simbolico e popolare di 5 euro, compresi i diritti di prevendita.<\/strong><\/em><\/p>\n\t\t\t\t\t\t\t\t<\/div>\n\t\t\t\t<\/div>\n\t\t\t\t<div class=\"elementor-element elementor-element-1d8edec elementor-widget elementor-widget-button\" data-id=\"1d8edec\" data-element_type=\"widget\" data-widget_type=\"button.default\">\n\t\t\t\t<div class=\"elementor-widget-container\">\n\t\t\t\t\t\t\t\t\t<div class=\"elementor-button-wrapper\">\n\t\t\t\t\t<a class=\"elementor-button elementor-button-link elementor-size-sm\" href=\"https:\/\/link.dice.fm\/kgcAmD6LOgb\" target=\"_blank\">\n\t\t\t\t\t\t<span class=\"elementor-button-content-wrapper\">\n\t\t\t\t\t\t\t\t\t<span class=\"elementor-button-text\">ACQUISTA IL BIGLIETTO<\/span>\n\t\t\t\t\t<\/span>\n\t\t\t\t\t<\/a>\n\t\t\t\t<\/div>\n\t\t\t\t\t\t\t\t<\/div>\n\t\t\t\t<\/div>\n\t\t\t\t\t<\/div>\n\t\t<\/div>\n\t\t\t\t\t<\/div>\n\t\t<\/section>\n\t\t\t\t<\/div>\n\t\t","protected":false},"excerpt":{"rendered":"<p>&#8212;02\/07 ore 22:00 Piazza Mazzini Disco di platino con l\u2019album d\u2019esordio \u201cRegardez Moi\u201d, Frah Quintale \u00e8 la rivelazione della scena Street Pop italiana, l\u2019artista che con la sua musica e il suo immaginario ha contribuito a delineare un nuovo genere. Originale sia nell\u2019estetica che nella musica, con i suoi testi, le sue interpretazioni e le [&hellip;]<\/p>\n","protected":false},"author":1,"featured_media":792,"menu_order":0,"template":"","categories":[9,7],"tags":[],"class_list":["post-327","evento","type-evento","status-publish","has-post-thumbnail","hentry","category-02-07","category-piazza-mazzini"],"yoast_head":"<!-- This site is optimized with the Yoast SEO plugin v26.5 - https:\/\/yoast.com\/wordpress\/plugins\/seo\/ -->\n<title>Frah Quintale - Straborgo<\/title>\n<meta name=\"robots\" content=\"index, follow, max-snippet:-1, max-image-preview:large, max-video-preview:-1\" \/>\n<link rel=\"canonical\" href=\"https:\/\/iperattivaweb.it\/straborgo2021\/evento\/frah-quintale\/\" \/>\n<meta property=\"og:locale\" content=\"it_IT\" \/>\n<meta property=\"og:type\" content=\"article\" \/>\n<meta property=\"og:title\" content=\"Frah Quintale - Straborgo\" \/>\n<meta property=\"og:description\" content=\"&#8212;02\/07 ore 22:00 Piazza Mazzini Disco di platino con l\u2019album d\u2019esordio \u201cRegardez Moi\u201d, Frah Quintale \u00e8 la rivelazione della scena Street Pop italiana, l\u2019artista che con la sua musica e il suo immaginario ha contribuito a delineare un nuovo genere. Originale sia nell\u2019estetica che nella musica, con i suoi testi, le sue interpretazioni e le [&hellip;]\" \/>\n<meta property=\"og:url\" content=\"https:\/\/iperattivaweb.it\/straborgo2021\/evento\/frah-quintale\/\" \/>\n<meta property=\"og:site_name\" content=\"Straborgo\" \/>\n<meta property=\"article:modified_time\" content=\"2021-06-04T16:07:17+00:00\" \/>\n<meta property=\"og:image\" content=\"https:\/\/iperattivaweb.it\/straborgo2021\/wp-content\/uploads\/2021\/06\/frah-quintale-straborgo-nuova.jpg\" \/>\n\t<meta property=\"og:image:width\" content=\"750\" \/>\n\t<meta property=\"og:image:height\" content=\"500\" \/>\n\t<meta property=\"og:image:type\" content=\"image\/jpeg\" \/>\n<meta name=\"twitter:card\" content=\"summary_large_image\" \/>\n<meta name=\"twitter:label1\" content=\"Tempo di lettura stimato\" \/>\n\t<meta name=\"twitter:data1\" content=\"2 minuti\" \/>\n<script type=\"application\/ld+json\" class=\"yoast-schema-graph\">{\"@context\":\"https:\/\/schema.org\",\"@graph\":[{\"@type\":\"WebPage\",\"@id\":\"https:\/\/iperattivaweb.it\/straborgo2021\/evento\/frah-quintale\/\",\"url\":\"https:\/\/iperattivaweb.it\/straborgo2021\/evento\/frah-quintale\/\",\"name\":\"Frah Quintale - Straborgo\",\"isPartOf\":{\"@id\":\"https:\/\/iperattivaweb.it\/straborgo2021\/#website\"},\"primaryImageOfPage\":{\"@id\":\"https:\/\/iperattivaweb.it\/straborgo2021\/evento\/frah-quintale\/#primaryimage\"},\"image\":{\"@id\":\"https:\/\/iperattivaweb.it\/straborgo2021\/evento\/frah-quintale\/#primaryimage\"},\"thumbnailUrl\":\"https:\/\/iperattivaweb.it\/straborgo2021\/wp-content\/uploads\/2021\/06\/frah-quintale-straborgo-nuova.jpg\",\"datePublished\":\"2021-05-26T07:23:32+00:00\",\"dateModified\":\"2021-06-04T16:07:17+00:00\",\"breadcrumb\":{\"@id\":\"https:\/\/iperattivaweb.it\/straborgo2021\/evento\/frah-quintale\/#breadcrumb\"},\"inLanguage\":\"it-IT\",\"potentialAction\":[{\"@type\":\"ReadAction\",\"target\":[\"https:\/\/iperattivaweb.it\/straborgo2021\/evento\/frah-quintale\/\"]}]},{\"@type\":\"ImageObject\",\"inLanguage\":\"it-IT\",\"@id\":\"https:\/\/iperattivaweb.it\/straborgo2021\/evento\/frah-quintale\/#primaryimage\",\"url\":\"https:\/\/iperattivaweb.it\/straborgo2021\/wp-content\/uploads\/2021\/06\/frah-quintale-straborgo-nuova.jpg\",\"contentUrl\":\"https:\/\/iperattivaweb.it\/straborgo2021\/wp-content\/uploads\/2021\/06\/frah-quintale-straborgo-nuova.jpg\",\"width\":750,\"height\":500,\"caption\":\"frah-quintale-in-concerto-piazza-mazzini-livorno-straborgo\"},{\"@type\":\"BreadcrumbList\",\"@id\":\"https:\/\/iperattivaweb.it\/straborgo2021\/evento\/frah-quintale\/#breadcrumb\",\"itemListElement\":[{\"@type\":\"ListItem\",\"position\":1,\"name\":\"Home\",\"item\":\"https:\/\/iperattivaweb.it\/straborgo2021\/\"},{\"@type\":\"ListItem\",\"position\":2,\"name\":\"Frah Quintale\"}]},{\"@type\":\"WebSite\",\"@id\":\"https:\/\/iperattivaweb.it\/straborgo2021\/#website\",\"url\":\"https:\/\/iperattivaweb.it\/straborgo2021\/\",\"name\":\"Straborgo\",\"description\":\"La nuova festa dell\u2019estate livornese\",\"potentialAction\":[{\"@type\":\"SearchAction\",\"target\":{\"@type\":\"EntryPoint\",\"urlTemplate\":\"https:\/\/iperattivaweb.it\/straborgo2021\/?s={search_term_string}\"},\"query-input\":{\"@type\":\"PropertyValueSpecification\",\"valueRequired\":true,\"valueName\":\"search_term_string\"}}],\"inLanguage\":\"it-IT\"}]}<\/script>\n<!-- \/ Yoast SEO plugin. -->","yoast_head_json":{"title":"Frah Quintale - Straborgo","robots":{"index":"index","follow":"follow","max-snippet":"max-snippet:-1","max-image-preview":"max-image-preview:large","max-video-preview":"max-video-preview:-1"},"canonical":"https:\/\/iperattivaweb.it\/straborgo2021\/evento\/frah-quintale\/","og_locale":"it_IT","og_type":"article","og_title":"Frah Quintale - Straborgo","og_description":"&#8212;02\/07 ore 22:00 Piazza Mazzini Disco di platino con l\u2019album d\u2019esordio \u201cRegardez Moi\u201d, Frah Quintale \u00e8 la rivelazione della scena Street Pop italiana, l\u2019artista che con la sua musica e il suo immaginario ha contribuito a delineare un nuovo genere. Originale sia nell\u2019estetica che nella musica, con i suoi testi, le sue interpretazioni e le [&hellip;]","og_url":"https:\/\/iperattivaweb.it\/straborgo2021\/evento\/frah-quintale\/","og_site_name":"Straborgo","article_modified_time":"2021-06-04T16:07:17+00:00","og_image":[{"width":750,"height":500,"url":"https:\/\/iperattivaweb.it\/straborgo2021\/wp-content\/uploads\/2021\/06\/frah-quintale-straborgo-nuova.jpg","type":"image\/jpeg"}],"twitter_card":"summary_large_image","twitter_misc":{"Tempo di lettura stimato":"2 minuti"},"schema":{"@context":"https:\/\/schema.org","@graph":[{"@type":"WebPage","@id":"https:\/\/iperattivaweb.it\/straborgo2021\/evento\/frah-quintale\/","url":"https:\/\/iperattivaweb.it\/straborgo2021\/evento\/frah-quintale\/","name":"Frah Quintale - Straborgo","isPartOf":{"@id":"https:\/\/iperattivaweb.it\/straborgo2021\/#website"},"primaryImageOfPage":{"@id":"https:\/\/iperattivaweb.it\/straborgo2021\/evento\/frah-quintale\/#primaryimage"},"image":{"@id":"https:\/\/iperattivaweb.it\/straborgo2021\/evento\/frah-quintale\/#primaryimage"},"thumbnailUrl":"https:\/\/iperattivaweb.it\/straborgo2021\/wp-content\/uploads\/2021\/06\/frah-quintale-straborgo-nuova.jpg","datePublished":"2021-05-26T07:23:32+00:00","dateModified":"2021-06-04T16:07:17+00:00","breadcrumb":{"@id":"https:\/\/iperattivaweb.it\/straborgo2021\/evento\/frah-quintale\/#breadcrumb"},"inLanguage":"it-IT","potentialAction":[{"@type":"ReadAction","target":["https:\/\/iperattivaweb.it\/straborgo2021\/evento\/frah-quintale\/"]}]},{"@type":"ImageObject","inLanguage":"it-IT","@id":"https:\/\/iperattivaweb.it\/straborgo2021\/evento\/frah-quintale\/#primaryimage","url":"https:\/\/iperattivaweb.it\/straborgo2021\/wp-content\/uploads\/2021\/06\/frah-quintale-straborgo-nuova.jpg","contentUrl":"https:\/\/iperattivaweb.it\/straborgo2021\/wp-content\/uploads\/2021\/06\/frah-quintale-straborgo-nuova.jpg","width":750,"height":500,"caption":"frah-quintale-in-concerto-piazza-mazzini-livorno-straborgo"},{"@type":"BreadcrumbList","@id":"https:\/\/iperattivaweb.it\/straborgo2021\/evento\/frah-quintale\/#breadcrumb","itemListElement":[{"@type":"ListItem","position":1,"name":"Home","item":"https:\/\/iperattivaweb.it\/straborgo2021\/"},{"@type":"ListItem","position":2,"name":"Frah Quintale"}]},{"@type":"WebSite","@id":"https:\/\/iperattivaweb.it\/straborgo2021\/#website","url":"https:\/\/iperattivaweb.it\/straborgo2021\/","name":"Straborgo","description":"La nuova festa dell\u2019estate livornese","potentialAction":[{"@type":"SearchAction","target":{"@type":"EntryPoint","urlTemplate":"https:\/\/iperattivaweb.it\/straborgo2021\/?s={search_term_string}"},"query-input":{"@type":"PropertyValueSpecification","valueRequired":true,"valueName":"search_term_string"}}],"inLanguage":"it-IT"}]}},"_links":{"self":[{"href":"https:\/\/iperattivaweb.it\/straborgo2021\/wp-json\/wp\/v2\/evento\/327","targetHints":{"allow":["GET"]}}],"collection":[{"href":"https:\/\/iperattivaweb.it\/straborgo2021\/wp-json\/wp\/v2\/evento"}],"about":[{"href":"https:\/\/iperattivaweb.it\/straborgo2021\/wp-json\/wp\/v2\/types\/evento"}],"author":[{"embeddable":true,"href":"https:\/\/iperattivaweb.it\/straborgo2021\/wp-json\/wp\/v2\/users\/1"}],"version-history":[{"count":21,"href":"https:\/\/iperattivaweb.it\/straborgo2021\/wp-json\/wp\/v2\/evento\/327\/revisions"}],"predecessor-version":[{"id":979,"href":"https:\/\/iperattivaweb.it\/straborgo2021\/wp-json\/wp\/v2\/evento\/327\/revisions\/979"}],"wp:featuredmedia":[{"embeddable":true,"href":"https:\/\/iperattivaweb.it\/straborgo2021\/wp-json\/wp\/v2\/media\/792"}],"wp:attachment":[{"href":"https:\/\/iperattivaweb.it\/straborgo2021\/wp-json\/wp\/v2\/media?parent=327"}],"wp:term":[{"taxonomy":"category","embeddable":true,"href":"https:\/\/iperattivaweb.it\/straborgo2021\/wp-json\/wp\/v2\/categories?post=327"},{"taxonomy":"post_tag","embeddable":true,"href":"https:\/\/iperattivaweb.it\/straborgo2021\/wp-json\/wp\/v2\/tags?post=327"}],"curies":[{"name":"wp","href":"https:\/\/api.w.org\/{rel}","templated":true}]}}