{"id":937,"date":"2021-06-04T15:12:54","date_gmt":"2021-06-04T15:12:54","guid":{"rendered":"https:\/\/iperattivaweb.it\/straborgo2021\/?post_type=evento&#038;p=937"},"modified":"2021-06-23T10:21:50","modified_gmt":"2021-06-23T10:21:50","slug":"work-in-progress-murales-dello-street-artist-millo","status":"publish","type":"evento","link":"https:\/\/iperattivaweb.it\/straborgo2021\/evento\/work-in-progress-murales-dello-street-artist-millo\/","title":{"rendered":"Work in progress Murales dello street artist Millo"},"content":{"rendered":"\t\t<div data-elementor-type=\"wp-post\" data-elementor-id=\"937\" class=\"elementor elementor-937\">\n\t\t\t\t\t\t<section class=\"elementor-section elementor-top-section elementor-element elementor-element-3fb7478e elementor-section-boxed elementor-section-height-default elementor-section-height-default\" data-id=\"3fb7478e\" data-element_type=\"section\">\n\t\t\t\t\t\t<div class=\"elementor-container elementor-column-gap-default\">\n\t\t\t\t\t<div class=\"elementor-column elementor-col-100 elementor-top-column elementor-element elementor-element-7e33b7f6\" data-id=\"7e33b7f6\" data-element_type=\"column\">\n\t\t\t<div class=\"elementor-widget-wrap elementor-element-populated\">\n\t\t\t\t\t\t<div class=\"elementor-element elementor-element-b514ad0 elementor-widget elementor-widget-heading\" data-id=\"b514ad0\" data-element_type=\"widget\" data-widget_type=\"heading.default\">\n\t\t\t\t<div class=\"elementor-widget-container\">\n\t\t\t\t\t<h2 class=\"elementor-heading-title elementor-size-default\"><span class=\"orange\">---<\/span>01<span class=\"orange\">-<\/span>02<span class=\"orange\">\/<\/span>07<\/h2>\t\t\t\t<\/div>\n\t\t\t\t<\/div>\n\t\t\t\t<div class=\"elementor-element elementor-element-28a6a6d elementor-widget elementor-widget-heading\" data-id=\"28a6a6d\" data-element_type=\"widget\" data-widget_type=\"heading.default\">\n\t\t\t\t<div class=\"elementor-widget-container\">\n\t\t\t\t\t<span class=\"elementor-heading-title elementor-size-default\">Parco centro citt\u00e0<\/span>\t\t\t\t<\/div>\n\t\t\t\t<\/div>\n\t\t\t\t<div class=\"elementor-element elementor-element-9a62a7b elementor-widget elementor-widget-text-editor\" data-id=\"9a62a7b\" data-element_type=\"widget\" data-widget_type=\"text-editor.default\">\n\t\t\t\t<div class=\"elementor-widget-container\">\n\t\t\t\t\t\t\t\t\t<h5><strong>Work in progress del murales &#8220;Time is running backwards&#8221; dello street artist Millo<\/strong><\/h5><p>A partire dal <strong>28 Giugno <\/strong>fino al<strong> 4 Luglio, <\/strong>Francesco Camillo Giorgino, in arte <strong>Millo<\/strong>, si occuper\u00e0 di dipingere la parete di <strong>via San Carlo 167<\/strong>, la cui <strong>realizzazione e inaugurazione<\/strong> avverr\u00e0 in concomitanza con il <strong>Festival Straborgo 2021<\/strong>.<\/p><p>Il murales fa parte di un progetto di <strong>riqualificazione urbana delle aree circostanti il Parco Centro Citt\u00e0 Odeon<\/strong>; si tratta infatti di una delle poche <strong>aree verdi all\u2019interno del quartiere<\/strong> e che, negli anni, \u00e8 diventato un <strong>punto di riferimento e un\u2019area di ritrovo<\/strong> per molti giovani, famiglie con bambini e anziani.<\/p><p>Il murales, dal titolo <strong>\u201cTime Is Running Backwards\u201d,<\/strong> prende spunto dall\u2019<strong>ex Cinema Odeon<\/strong>, a pochi passi dal <strong>Parco Centro Citt\u00e0<\/strong>. Il cinema fu progettato e realizzato tra il 1952 ed il 1953 dall\u2019<strong>architetto scenografo futurista Virgilio Marchi<\/strong>. Si trattava del <strong>pi\u00f9 grande cinema della citt\u00e0<\/strong>, particolarmente apprezzato per la sua ottima acustica e la raffinatezza dei suoni spaziali. Ormai chiuso e riconvertito recentemente in un parcheggio e in un centro fitness, il murales ricorda e omaggia un <strong>edificio rimasto nel cuore e nella memoria dei livornesi<\/strong>.<\/p><p>Parlando del murales, Millo ha dichiarato: <em>\u201cho immaginato di riportare in vita un luogo amato dalla citt\u00e0, come se il tempo potesse scivolare all&#8217;indietro.\u201d <\/em>Da qui il titolo dell\u2019opera.<\/p><p>L\u2019opera \u00e8 stata realizzata dall\u2019Associazione MuraLi _ Diamo colore alla citt\u00e0 con il sostegno del <strong>Comune di Livorno<\/strong>, della <strong>Fondazione LEM &#8211; Livorno Euro Mediterranea<\/strong>, del <strong>CCN Borgo<\/strong>, di <strong>ASA Livorno<\/strong>, <strong>Saba Bevande<\/strong> e grazie al supporto degli sponsor tecnici dell&#8217;iniziativa: <strong>GV3 Venpa, Sikkens Colour, Non solo Bagno.\u00a0<\/strong><\/p><p>L\u2019inaugurazione dell\u2019opera \u00e8 prevista per <strong>sabato 3 Luglio<\/strong> a partire dalle ore 19:00, in concomitanza con la <strong>prima edizione del Festival Straborgo<\/strong>.<\/p><p>Come di consueto, il processo di realizzazione dell\u2019opera verr\u00e0 interamente seguito attraverso i canali social dell\u2019associazione e si concluder\u00e0 con <strong>un evento di inaugurazione e taglio del nastro.\u00a0<\/strong><\/p>\t\t\t\t\t\t\t\t<\/div>\n\t\t\t\t<\/div>\n\t\t\t\t<div class=\"elementor-element elementor-element-8847688 elementor-widget elementor-widget-gallery\" data-id=\"8847688\" data-element_type=\"widget\" data-settings=\"{&quot;lazyload&quot;:&quot;yes&quot;,&quot;gallery_layout&quot;:&quot;grid&quot;,&quot;columns&quot;:4,&quot;columns_tablet&quot;:2,&quot;columns_mobile&quot;:1,&quot;gap&quot;:{&quot;unit&quot;:&quot;px&quot;,&quot;size&quot;:10,&quot;sizes&quot;:[]},&quot;gap_tablet&quot;:{&quot;unit&quot;:&quot;px&quot;,&quot;size&quot;:10,&quot;sizes&quot;:[]},&quot;gap_mobile&quot;:{&quot;unit&quot;:&quot;px&quot;,&quot;size&quot;:10,&quot;sizes&quot;:[]},&quot;link_to&quot;:&quot;file&quot;,&quot;aspect_ratio&quot;:&quot;3:2&quot;,&quot;overlay_background&quot;:&quot;yes&quot;,&quot;content_hover_animation&quot;:&quot;fade-in&quot;}\" data-widget_type=\"gallery.default\">\n\t\t\t\t<div class=\"elementor-widget-container\">\n\t\t\t\t\t\t\t<div class=\"elementor-gallery__container\">\n\t\t\t\t\t\t\t<a class=\"e-gallery-item elementor-gallery-item elementor-animated-content\" href=\"https:\/\/iperattivaweb.it\/straborgo2021\/wp-content\/uploads\/2021\/06\/murali-millo-straborgo-2.jpg\" data-elementor-open-lightbox=\"yes\" data-elementor-lightbox-slideshow=\"all-8847688\" data-elementor-lightbox-title=\"murali-millo-straborgo-2\" data-e-action-hash=\"#elementor-action%3Aaction%3Dlightbox%26settings%3DeyJpZCI6ODkwLCJ1cmwiOiJodHRwczpcL1wvaXBlcmF0dGl2YXdlYi5pdFwvc3RyYWJvcmdvMjAyMVwvd3AtY29udGVudFwvdXBsb2Fkc1wvMjAyMVwvMDZcL211cmFsaS1taWxsby1zdHJhYm9yZ28tMi5qcGciLCJzbGlkZXNob3ciOiJhbGwtODg0NzY4OCJ9\">\n\t\t\t\t\t<div class=\"e-gallery-image elementor-gallery-item__image\" data-thumbnail=\"https:\/\/iperattivaweb.it\/straborgo2021\/wp-content\/uploads\/2021\/06\/murali-millo-straborgo-2-236x300.jpg\" data-width=\"236\" data-height=\"300\" alt=\"\" ><\/div>\n\t\t\t\t\t\t\t\t\t\t\t<div class=\"elementor-gallery-item__overlay\"><\/div>\n\t\t\t\t\t\t\t\t\t\t\t\t\t\t<\/a>\n\t\t\t\t\t\t\t<a class=\"e-gallery-item elementor-gallery-item elementor-animated-content\" href=\"https:\/\/iperattivaweb.it\/straborgo2021\/wp-content\/uploads\/2021\/06\/murali-millo-straborgo-3.jpg\" data-elementor-open-lightbox=\"yes\" data-elementor-lightbox-slideshow=\"all-8847688\" data-elementor-lightbox-title=\"murali-millo-straborgo-3\" data-e-action-hash=\"#elementor-action%3Aaction%3Dlightbox%26settings%3DeyJpZCI6ODkxLCJ1cmwiOiJodHRwczpcL1wvaXBlcmF0dGl2YXdlYi5pdFwvc3RyYWJvcmdvMjAyMVwvd3AtY29udGVudFwvdXBsb2Fkc1wvMjAyMVwvMDZcL211cmFsaS1taWxsby1zdHJhYm9yZ28tMy5qcGciLCJzbGlkZXNob3ciOiJhbGwtODg0NzY4OCJ9\">\n\t\t\t\t\t<div class=\"e-gallery-image elementor-gallery-item__image\" data-thumbnail=\"https:\/\/iperattivaweb.it\/straborgo2021\/wp-content\/uploads\/2021\/06\/murali-millo-straborgo-3-237x300.jpg\" data-width=\"237\" data-height=\"300\" alt=\"\" ><\/div>\n\t\t\t\t\t\t\t\t\t\t\t<div class=\"elementor-gallery-item__overlay\"><\/div>\n\t\t\t\t\t\t\t\t\t\t\t\t\t\t<\/a>\n\t\t\t\t\t\t\t<a class=\"e-gallery-item elementor-gallery-item elementor-animated-content\" href=\"https:\/\/iperattivaweb.it\/straborgo2021\/wp-content\/uploads\/2021\/06\/murali-millo-straborgo-5.jpg\" data-elementor-open-lightbox=\"yes\" data-elementor-lightbox-slideshow=\"all-8847688\" data-elementor-lightbox-title=\"murali-millo-straborgo-5\" data-e-action-hash=\"#elementor-action%3Aaction%3Dlightbox%26settings%3DeyJpZCI6ODkyLCJ1cmwiOiJodHRwczpcL1wvaXBlcmF0dGl2YXdlYi5pdFwvc3RyYWJvcmdvMjAyMVwvd3AtY29udGVudFwvdXBsb2Fkc1wvMjAyMVwvMDZcL211cmFsaS1taWxsby1zdHJhYm9yZ28tNS5qcGciLCJzbGlkZXNob3ciOiJhbGwtODg0NzY4OCJ9\">\n\t\t\t\t\t<div class=\"e-gallery-image elementor-gallery-item__image\" data-thumbnail=\"https:\/\/iperattivaweb.it\/straborgo2021\/wp-content\/uploads\/2021\/06\/murali-millo-straborgo-5-300x200.jpg\" data-width=\"300\" data-height=\"200\" alt=\"\" ><\/div>\n\t\t\t\t\t\t\t\t\t\t\t<div class=\"elementor-gallery-item__overlay\"><\/div>\n\t\t\t\t\t\t\t\t\t\t\t\t\t\t<\/a>\n\t\t\t\t\t\t\t<a class=\"e-gallery-item elementor-gallery-item elementor-animated-content\" href=\"https:\/\/iperattivaweb.it\/straborgo2021\/wp-content\/uploads\/2021\/06\/murali-millo-straborgo.jpg\" data-elementor-open-lightbox=\"yes\" data-elementor-lightbox-slideshow=\"all-8847688\" data-elementor-lightbox-title=\"murali-millo-straborgo\" data-e-action-hash=\"#elementor-action%3Aaction%3Dlightbox%26settings%3DeyJpZCI6ODkzLCJ1cmwiOiJodHRwczpcL1wvaXBlcmF0dGl2YXdlYi5pdFwvc3RyYWJvcmdvMjAyMVwvd3AtY29udGVudFwvdXBsb2Fkc1wvMjAyMVwvMDZcL211cmFsaS1taWxsby1zdHJhYm9yZ28uanBnIiwic2xpZGVzaG93IjoiYWxsLTg4NDc2ODgifQ%3D%3D\">\n\t\t\t\t\t<div class=\"e-gallery-image elementor-gallery-item__image\" data-thumbnail=\"https:\/\/iperattivaweb.it\/straborgo2021\/wp-content\/uploads\/2021\/06\/murali-millo-straborgo-300x225.jpg\" data-width=\"300\" data-height=\"225\" alt=\"\" ><\/div>\n\t\t\t\t\t\t\t\t\t\t\t<div class=\"elementor-gallery-item__overlay\"><\/div>\n\t\t\t\t\t\t\t\t\t\t\t\t\t\t<\/a>\n\t\t\t\t\t<\/div>\n\t\t\t\t\t<\/div>\n\t\t\t\t<\/div>\n\t\t\t\t\t<\/div>\n\t\t<\/div>\n\t\t\t\t\t<\/div>\n\t\t<\/section>\n\t\t\t\t<\/div>\n\t\t","protected":false},"excerpt":{"rendered":"<p>&#8212;01-02\/07 Parco centro citt\u00e0 Work in progress del murales &#8220;Time is running backwards&#8221; dello street artist Millo A partire dal 28 Giugno fino al 4 Luglio, Francesco Camillo Giorgino, in arte Millo, si occuper\u00e0 di dipingere la parete di via San Carlo 167, la cui realizzazione e inaugurazione avverr\u00e0 in concomitanza con il Festival Straborgo [&hellip;]<\/p>\n","protected":false},"author":1,"featured_media":504,"menu_order":0,"template":"","categories":[8,9,13],"tags":[],"class_list":["post-937","evento","type-evento","status-publish","has-post-thumbnail","hentry","category-01-03","category-02-07","category-parco-centro-citta"],"yoast_head":"<!-- This site is optimized with the Yoast SEO plugin v26.5 - https:\/\/yoast.com\/wordpress\/plugins\/seo\/ -->\n<title>Millo | Work in Progress Murales | Parco Centro Citt\u00e0 - Straborgo Livorno<\/title>\n<meta name=\"description\" content=\"millo: dal 28 Giugno fino al 4 Luglio Millo si occuper\u00e0 di dipingere la parete di via San Carlo 167, adiacente al Parco Centro Citt\u00e0.\" \/>\n<meta name=\"robots\" content=\"index, follow, max-snippet:-1, max-image-preview:large, max-video-preview:-1\" \/>\n<link rel=\"canonical\" href=\"https:\/\/iperattivaweb.it\/straborgo2021\/evento\/work-in-progress-murales-dello-street-artist-millo\/\" \/>\n<meta property=\"og:locale\" content=\"it_IT\" \/>\n<meta property=\"og:type\" content=\"article\" \/>\n<meta property=\"og:title\" content=\"Millo | Work in Progress Murales | Parco Centro Citt\u00e0 - Straborgo Livorno\" \/>\n<meta property=\"og:description\" content=\"millo: dal 28 Giugno fino al 4 Luglio Millo si occuper\u00e0 di dipingere la parete di via San Carlo 167, adiacente al Parco Centro Citt\u00e0.\" \/>\n<meta property=\"og:url\" content=\"https:\/\/iperattivaweb.it\/straborgo2021\/evento\/work-in-progress-murales-dello-street-artist-millo\/\" \/>\n<meta property=\"og:site_name\" content=\"Straborgo\" \/>\n<meta property=\"article:modified_time\" content=\"2021-06-23T10:21:50+00:00\" \/>\n<meta property=\"og:image\" content=\"https:\/\/iperattivaweb.it\/straborgo2021\/wp-content\/uploads\/2021\/05\/murali-millo-straborgo.jpg\" \/>\n\t<meta property=\"og:image:width\" content=\"900\" \/>\n\t<meta property=\"og:image:height\" content=\"600\" \/>\n\t<meta property=\"og:image:type\" content=\"image\/jpeg\" \/>\n<meta name=\"twitter:card\" content=\"summary_large_image\" \/>\n<meta name=\"twitter:label1\" content=\"Tempo di lettura stimato\" \/>\n\t<meta name=\"twitter:data1\" content=\"2 minuti\" \/>\n<script type=\"application\/ld+json\" class=\"yoast-schema-graph\">{\"@context\":\"https:\/\/schema.org\",\"@graph\":[{\"@type\":\"WebPage\",\"@id\":\"https:\/\/iperattivaweb.it\/straborgo2021\/evento\/work-in-progress-murales-dello-street-artist-millo\/\",\"url\":\"https:\/\/iperattivaweb.it\/straborgo2021\/evento\/work-in-progress-murales-dello-street-artist-millo\/\",\"name\":\"Millo | Work in Progress Murales | Parco Centro Citt\u00e0 - Straborgo Livorno\",\"isPartOf\":{\"@id\":\"https:\/\/iperattivaweb.it\/straborgo2021\/#website\"},\"primaryImageOfPage\":{\"@id\":\"https:\/\/iperattivaweb.it\/straborgo2021\/evento\/work-in-progress-murales-dello-street-artist-millo\/#primaryimage\"},\"image\":{\"@id\":\"https:\/\/iperattivaweb.it\/straborgo2021\/evento\/work-in-progress-murales-dello-street-artist-millo\/#primaryimage\"},\"thumbnailUrl\":\"https:\/\/iperattivaweb.it\/straborgo2021\/wp-content\/uploads\/2021\/05\/murali-millo-straborgo.jpg\",\"datePublished\":\"2021-06-04T15:12:54+00:00\",\"dateModified\":\"2021-06-23T10:21:50+00:00\",\"description\":\"millo: dal 28 Giugno fino al 4 Luglio Millo si occuper\u00e0 di dipingere la parete di via San Carlo 167, adiacente al Parco Centro Citt\u00e0.\",\"breadcrumb\":{\"@id\":\"https:\/\/iperattivaweb.it\/straborgo2021\/evento\/work-in-progress-murales-dello-street-artist-millo\/#breadcrumb\"},\"inLanguage\":\"it-IT\",\"potentialAction\":[{\"@type\":\"ReadAction\",\"target\":[\"https:\/\/iperattivaweb.it\/straborgo2021\/evento\/work-in-progress-murales-dello-street-artist-millo\/\"]}]},{\"@type\":\"ImageObject\",\"inLanguage\":\"it-IT\",\"@id\":\"https:\/\/iperattivaweb.it\/straborgo2021\/evento\/work-in-progress-murales-dello-street-artist-millo\/#primaryimage\",\"url\":\"https:\/\/iperattivaweb.it\/straborgo2021\/wp-content\/uploads\/2021\/05\/murali-millo-straborgo.jpg\",\"contentUrl\":\"https:\/\/iperattivaweb.it\/straborgo2021\/wp-content\/uploads\/2021\/05\/murali-millo-straborgo.jpg\",\"width\":900,\"height\":600},{\"@type\":\"BreadcrumbList\",\"@id\":\"https:\/\/iperattivaweb.it\/straborgo2021\/evento\/work-in-progress-murales-dello-street-artist-millo\/#breadcrumb\",\"itemListElement\":[{\"@type\":\"ListItem\",\"position\":1,\"name\":\"Home\",\"item\":\"https:\/\/iperattivaweb.it\/straborgo2021\/\"},{\"@type\":\"ListItem\",\"position\":2,\"name\":\"Work in progress Murales dello street artist Millo\"}]},{\"@type\":\"WebSite\",\"@id\":\"https:\/\/iperattivaweb.it\/straborgo2021\/#website\",\"url\":\"https:\/\/iperattivaweb.it\/straborgo2021\/\",\"name\":\"Straborgo\",\"description\":\"La nuova festa dell\u2019estate livornese\",\"potentialAction\":[{\"@type\":\"SearchAction\",\"target\":{\"@type\":\"EntryPoint\",\"urlTemplate\":\"https:\/\/iperattivaweb.it\/straborgo2021\/?s={search_term_string}\"},\"query-input\":{\"@type\":\"PropertyValueSpecification\",\"valueRequired\":true,\"valueName\":\"search_term_string\"}}],\"inLanguage\":\"it-IT\"}]}<\/script>\n<!-- \/ Yoast SEO plugin. -->","yoast_head_json":{"title":"Millo | Work in Progress Murales | Parco Centro Citt\u00e0 - Straborgo Livorno","description":"millo: dal 28 Giugno fino al 4 Luglio Millo si occuper\u00e0 di dipingere la parete di via San Carlo 167, adiacente al Parco Centro Citt\u00e0.","robots":{"index":"index","follow":"follow","max-snippet":"max-snippet:-1","max-image-preview":"max-image-preview:large","max-video-preview":"max-video-preview:-1"},"canonical":"https:\/\/iperattivaweb.it\/straborgo2021\/evento\/work-in-progress-murales-dello-street-artist-millo\/","og_locale":"it_IT","og_type":"article","og_title":"Millo | Work in Progress Murales | Parco Centro Citt\u00e0 - Straborgo Livorno","og_description":"millo: dal 28 Giugno fino al 4 Luglio Millo si occuper\u00e0 di dipingere la parete di via San Carlo 167, adiacente al Parco Centro Citt\u00e0.","og_url":"https:\/\/iperattivaweb.it\/straborgo2021\/evento\/work-in-progress-murales-dello-street-artist-millo\/","og_site_name":"Straborgo","article_modified_time":"2021-06-23T10:21:50+00:00","og_image":[{"width":900,"height":600,"url":"https:\/\/iperattivaweb.it\/straborgo2021\/wp-content\/uploads\/2021\/05\/murali-millo-straborgo.jpg","type":"image\/jpeg"}],"twitter_card":"summary_large_image","twitter_misc":{"Tempo di lettura stimato":"2 minuti"},"schema":{"@context":"https:\/\/schema.org","@graph":[{"@type":"WebPage","@id":"https:\/\/iperattivaweb.it\/straborgo2021\/evento\/work-in-progress-murales-dello-street-artist-millo\/","url":"https:\/\/iperattivaweb.it\/straborgo2021\/evento\/work-in-progress-murales-dello-street-artist-millo\/","name":"Millo | Work in Progress Murales | Parco Centro Citt\u00e0 - Straborgo Livorno","isPartOf":{"@id":"https:\/\/iperattivaweb.it\/straborgo2021\/#website"},"primaryImageOfPage":{"@id":"https:\/\/iperattivaweb.it\/straborgo2021\/evento\/work-in-progress-murales-dello-street-artist-millo\/#primaryimage"},"image":{"@id":"https:\/\/iperattivaweb.it\/straborgo2021\/evento\/work-in-progress-murales-dello-street-artist-millo\/#primaryimage"},"thumbnailUrl":"https:\/\/iperattivaweb.it\/straborgo2021\/wp-content\/uploads\/2021\/05\/murali-millo-straborgo.jpg","datePublished":"2021-06-04T15:12:54+00:00","dateModified":"2021-06-23T10:21:50+00:00","description":"millo: dal 28 Giugno fino al 4 Luglio Millo si occuper\u00e0 di dipingere la parete di via San Carlo 167, adiacente al Parco Centro Citt\u00e0.","breadcrumb":{"@id":"https:\/\/iperattivaweb.it\/straborgo2021\/evento\/work-in-progress-murales-dello-street-artist-millo\/#breadcrumb"},"inLanguage":"it-IT","potentialAction":[{"@type":"ReadAction","target":["https:\/\/iperattivaweb.it\/straborgo2021\/evento\/work-in-progress-murales-dello-street-artist-millo\/"]}]},{"@type":"ImageObject","inLanguage":"it-IT","@id":"https:\/\/iperattivaweb.it\/straborgo2021\/evento\/work-in-progress-murales-dello-street-artist-millo\/#primaryimage","url":"https:\/\/iperattivaweb.it\/straborgo2021\/wp-content\/uploads\/2021\/05\/murali-millo-straborgo.jpg","contentUrl":"https:\/\/iperattivaweb.it\/straborgo2021\/wp-content\/uploads\/2021\/05\/murali-millo-straborgo.jpg","width":900,"height":600},{"@type":"BreadcrumbList","@id":"https:\/\/iperattivaweb.it\/straborgo2021\/evento\/work-in-progress-murales-dello-street-artist-millo\/#breadcrumb","itemListElement":[{"@type":"ListItem","position":1,"name":"Home","item":"https:\/\/iperattivaweb.it\/straborgo2021\/"},{"@type":"ListItem","position":2,"name":"Work in progress Murales dello street artist Millo"}]},{"@type":"WebSite","@id":"https:\/\/iperattivaweb.it\/straborgo2021\/#website","url":"https:\/\/iperattivaweb.it\/straborgo2021\/","name":"Straborgo","description":"La nuova festa dell\u2019estate livornese","potentialAction":[{"@type":"SearchAction","target":{"@type":"EntryPoint","urlTemplate":"https:\/\/iperattivaweb.it\/straborgo2021\/?s={search_term_string}"},"query-input":{"@type":"PropertyValueSpecification","valueRequired":true,"valueName":"search_term_string"}}],"inLanguage":"it-IT"}]}},"_links":{"self":[{"href":"https:\/\/iperattivaweb.it\/straborgo2021\/wp-json\/wp\/v2\/evento\/937","targetHints":{"allow":["GET"]}}],"collection":[{"href":"https:\/\/iperattivaweb.it\/straborgo2021\/wp-json\/wp\/v2\/evento"}],"about":[{"href":"https:\/\/iperattivaweb.it\/straborgo2021\/wp-json\/wp\/v2\/types\/evento"}],"author":[{"embeddable":true,"href":"https:\/\/iperattivaweb.it\/straborgo2021\/wp-json\/wp\/v2\/users\/1"}],"version-history":[{"count":11,"href":"https:\/\/iperattivaweb.it\/straborgo2021\/wp-json\/wp\/v2\/evento\/937\/revisions"}],"predecessor-version":[{"id":1063,"href":"https:\/\/iperattivaweb.it\/straborgo2021\/wp-json\/wp\/v2\/evento\/937\/revisions\/1063"}],"wp:featuredmedia":[{"embeddable":true,"href":"https:\/\/iperattivaweb.it\/straborgo2021\/wp-json\/wp\/v2\/media\/504"}],"wp:attachment":[{"href":"https:\/\/iperattivaweb.it\/straborgo2021\/wp-json\/wp\/v2\/media?parent=937"}],"wp:term":[{"taxonomy":"category","embeddable":true,"href":"https:\/\/iperattivaweb.it\/straborgo2021\/wp-json\/wp\/v2\/categories?post=937"},{"taxonomy":"post_tag","embeddable":true,"href":"https:\/\/iperattivaweb.it\/straborgo2021\/wp-json\/wp\/v2\/tags?post=937"}],"curies":[{"name":"wp","href":"https:\/\/api.w.org\/{rel}","templated":true}]}}